{"id":6614,"date":"2022-09-12T14:51:03","date_gmt":"2022-09-12T14:51:03","guid":{"rendered":"https:\/\/unpop.ces.uc.pt\/?page_id=6614"},"modified":"2023-07-31T20:28:13","modified_gmt":"2023-07-31T20:28:13","slug":"disseminacao","status":"publish","type":"page","link":"https:\/\/unpop.ces.uc.pt\/en\/disseminacao\/","title":{"rendered":"Dissemination"},"content":{"rendered":"<div id=\"fws_69f282fdd90ba\"  data-column-margin=\"default\" data-midnight=\"dark\" data-top-percent=\"0%\"  class=\"wpb_row vc_row-fluid vc_row full-width-content vc_row-o-equal-height vc_row-flex vc_row-o-content-top  right_padding_30px left_padding_50px\"  style=\"padding-top: calc(100vw * 0.00); padding-bottom: 0px; \"><div class=\"row-bg-wrap\" data-bg-animation=\"none\" data-bg-overlay=\"false\"><div class=\"inner-wrap\"><div class=\"row-bg viewport-desktop\"  style=\"\"><\/div><\/div><div class=\"row-bg-overlay\" style=\"background:linear-gradient(180deg, rgb(240,240,240) 0%, rgb(255,255,255) 59%);\"><\/div><\/div><div class=\"row_col_wrap_12 col span_12 dark left\">\n\t<div  class=\"vc_col-sm-12 wpb_column column_container vc_column_container col centered-text no-extra-padding inherit_tablet inherit_phone\"  data-padding-pos=\"all\" data-has-bg-color=\"false\" data-bg-color=\"\" data-bg-opacity=\"1\" data-animation=\"\" data-delay=\"0\" >\n\t\t<div class=\"vc_column-inner\" >\n\t\t\t<div class=\"wpb_wrapper\">\n\t\t\t\t<div id=\"fws_69f282fdd9424\" data-midnight=\"\" data-column-margin=\"default\" class=\"wpb_row vc_row-fluid vc_row inner_row\"  style=\"\"><div class=\"row-bg-wrap\"> <div class=\"row-bg\" ><\/div> <\/div><div class=\"row_col_wrap_12_inner col span_12  center\">\n\t<div  class=\"vc_col-sm-12 wpb_column column_container vc_column_container col child_column no-extra-padding inherit_tablet inherit_phone\"   data-padding-pos=\"all\" data-has-bg-color=\"false\" data-bg-color=\"\" data-bg-opacity=\"1\" data-animation=\"\" data-delay=\"0\" >\n\t\t<div class=\"vc_column-inner\" >\n\t\t<div class=\"wpb_wrapper\">\n\t\t\t<div class=\"divider-wrap\" data-alignment=\"default\"><div style=\"height: 70px;\" class=\"divider\"><\/div><\/div><div class=\"nectar-split-heading\" data-align=\"default\" data-m-align=\"inherit\" data-text-effect=\"default\" data-animation-type=\"line-reveal-by-space\" data-animation-delay=\"0\" data-animation-offset=\"\" data-m-rm-animation=\"\" data-stagger=\"\" data-custom-font-size=\"false\" ><h1 style=\"max-width: 500px;\">Dissemination<\/h1><\/div><div class=\"nectar-split-heading\" data-align=\"left\" data-m-align=\"inherit\" data-text-effect=\"none\" data-animation-type=\"line-reveal-by-space\" data-animation-delay=\"0\" data-animation-offset=\"\" data-m-rm-animation=\"\" data-stagger=\"true\" data-custom-font-size=\"false\" ><h2 style=\" color: #63075d;\"><\/h2><\/div>\n\t\t<\/div> \n\t<\/div>\n\t<\/div> \n<\/div><\/div><div class=\"divider-wrap\" data-alignment=\"default\"><div style=\"height: 25px;\" class=\"divider\"><\/div><\/div>\n\t\t\t<\/div> \n\t\t<\/div>\n\t<\/div> \n<\/div><\/div>\n\t\t<div id=\"fws_69f282fdd99f0\"  data-column-margin=\"default\" data-midnight=\"dark\"  class=\"wpb_row vc_row-fluid vc_row\"  style=\"padding-top: 0px; padding-bottom: 0px; \"><div class=\"row-bg-wrap\" data-bg-animation=\"none\" data-bg-overlay=\"false\"><div class=\"inner-wrap\"><div class=\"row-bg viewport-desktop\"  style=\"\"><\/div><\/div><\/div><div class=\"row_col_wrap_12 col span_12 dark left\">\n\t<div  class=\"vc_col-sm-12 wpb_column column_container vc_column_container col no-extra-padding inherit_tablet inherit_phone\"  data-padding-pos=\"all\" data-has-bg-color=\"false\" data-bg-color=\"\" data-bg-opacity=\"1\" data-animation=\"\" data-delay=\"0\" >\n\t\t<div class=\"vc_column-inner\" >\n\t\t\t<div class=\"wpb_wrapper\">\n\t\t\t\t<div class='nectar-post-grid-wrap text-color-light spacing-10px' data-el-settings='{\"post_type\":\"post\",\"pagination\":\"load-more\",\"image_size\":\"medium\",\"aspect_ratio_image_size\":\"\",\"display_categories\":\"0\",\"display_excerpt\":\"0\",\"display_date\":\"yes\",\"color_overlay\":\"#000000\",\"color_overlay_opacity\":\"0.5\",\"color_overlay_hover_opacity\":\"0.7\",\"card_bg_color\":\"\",\"grid_style\":\"content_overlaid\",\"hover_effect\":\"zoom\",\"post_title_overlay\":\"\",\"heading_tag\":\"default\",\"enable_gallery_lightbox\":\"0\",\"overlay_secondary_project_image\":\"\",\"vertical_list_hover_effect\":\"none\",\"vertical_list_read_more\":\"\"}' data-style='content_overlaid' data-query='{\"post_type\":\"post\",\"posts_per_page\":\"-1\",\"order\":\"DESC\",\"orderby\":\"date\",\"offset\":\"0\",\"cpt_name\":\"post\",\"custom_query_tax\":\"\",\"ignore_sticky_posts\":\"\"}' data-load-more-color='accent-color' data-load-more-text='Load More'><div class=\"nectar-post-grid-filters\" data-active-color=\"default\" data-align=\"default\" data-animation=\"fade-in-from-bottom\" data-sortable=\"\"><h4>Filter<\/h4><div><a href=\"#\" data-filter=\"disseminacao\" data-total-count=\"48\">Dissemination<\/a><\/div><\/div><div class=\"nectar-post-grid font_size_1-1vw text-opacity-1 text-opacity-hover-1 category-position-after-title\" data-indicator=\"yes\" data-indicator-style=\"default\" data-indicator-text-color=\"#ffffff\" data-indicator-color=\"#a355a5\" data-indicator-text=\"View\" data-columns=\"3\" data-hover-effect=\"zoom\" data-text-style=\"default\" data-border-radius=\"none\" data-grid-item-height=\"30vh\" data-grid-spacing=\"10px\" data-text-layout=\"all_top_left\" data-text-color=\"light\" data-text-hover-color=\"light\" data-shadow-hover=\"\" data-animation=\"fade-in-from-bottom\" data-cat-click=\"default\"><div class=\"nectar-post-grid-item\" data-has-img=\"true\"> <div class=\"inner\"><div class=\"nectar-post-grid-item-bg\" data-nectar-img-src=\"https:\/\/unpop.ces.uc.pt\/wp-content\/uploads\/2025\/07\/Captura-de-ecra-2025-07-30-112200-1-300x126.png\"><\/div><div class=\"bg-overlay\" style=\" background-color: #000000;\" data-opacity=\"0.5\" data-hover-opacity=\"0.7\"><\/div><div class=\"content\"><a class=\"nectar-post-grid-link\" href=\"https:\/\/unpop.ces.uc.pt\/en\/call-for-papers-for-the-special-issue-emotions-in-bottom-up-demand-for-populist-far-right-narratives-and-top-down-construction-of-racialized-classed-and-gendered-identities-in-diverse-political-sy\/\" aria-label=\"Call for Papers for the Special Issue &#8216;Emotions in bottom-up demand for populist far-right narratives and top-down construction of racialized, classed, and gendered identities in diverse political systems and cultures&#8217;\"><\/a><div class=\"item-main\"><h3 class=\"post-heading\"><a href=\"https:\/\/unpop.ces.uc.pt\/en\/call-for-papers-for-the-special-issue-emotions-in-bottom-up-demand-for-populist-far-right-narratives-and-top-down-construction-of-racialized-classed-and-gendered-identities-in-diverse-political-sy\/\"><span>Call for Papers for the Special Issue &#8216;Emotions in bottom-up demand for populist far-right narratives and top-down construction of racialized, classed, and gendered identities in diverse political systems and cultures&#8217;<\/span><\/a><\/h3><span class=\"meta-date\">30\/07\/2025<\/span><\/div><\/div><\/div><\/div><div class=\"nectar-post-grid-item\" data-has-img=\"true\"> <div class=\"inner\"><div class=\"nectar-post-grid-item-bg\" data-nectar-img-src=\"https:\/\/unpop.ces.uc.pt\/wp-content\/uploads\/2024\/11\/Captura-de-ecra-2024-11-26-092606-300x157.jpg\"><\/div><div class=\"bg-overlay\" style=\" background-color: #000000;\" data-opacity=\"0.5\" data-hover-opacity=\"0.7\"><\/div><div class=\"content\"><a class=\"nectar-post-grid-link\" href=\"https:\/\/unpop.ces.uc.pt\/en\/call-for-papers-for-the-special-section-the-hydra-head-of-the-far-right-and-populism-emotional-narratives-discursive-strategies-and-communication-styles\/\" aria-label=\"Call for Papers for the Special Section \u00b4The Hydra Head of the Far Right and Populism: Emotional Narratives, Discursive Strategies, and Communication Styles&#8217;\"><\/a><div class=\"item-main\"><h3 class=\"post-heading\"><a href=\"https:\/\/unpop.ces.uc.pt\/en\/call-for-papers-for-the-special-section-the-hydra-head-of-the-far-right-and-populism-emotional-narratives-discursive-strategies-and-communication-styles\/\"><span>Call for Papers for the Special Section \u00b4The Hydra Head of the Far Right and Populism: Emotional Narratives, Discursive Strategies, and Communication Styles&#8217;<\/span><\/a><\/h3><span class=\"meta-date\">26\/11\/2024<\/span><\/div><\/div><\/div><\/div><div class=\"nectar-post-grid-item\" data-has-img=\"true\"> <div class=\"inner\"><div class=\"nectar-post-grid-item-bg\" data-nectar-img-src=\"https:\/\/unpop.ces.uc.pt\/wp-content\/uploads\/2024\/11\/Captura-de-ecra-2024-11-22-175847-300x123.png\"><\/div><div class=\"bg-overlay\" style=\" background-color: #000000;\" data-opacity=\"0.5\" data-hover-opacity=\"0.7\"><\/div><div class=\"content\"><a class=\"nectar-post-grid-link\" href=\"https:\/\/unpop.ces.uc.pt\/en\/investigacao-unpop-com-cobertura-nacional-na-imprensa\/\" aria-label=\"UNPOP investigation receives national press coverage\"><\/a><div class=\"item-main\"><h3 class=\"post-heading\"><a href=\"https:\/\/unpop.ces.uc.pt\/en\/investigacao-unpop-com-cobertura-nacional-na-imprensa\/\"><span>UNPOP investigation receives national press coverage<\/span><\/a><\/h3><span class=\"meta-date\">22\/11\/2024<\/span><\/div><\/div><\/div><\/div><div class=\"nectar-post-grid-item\" data-has-img=\"true\"> <div class=\"inner\"><div class=\"nectar-post-grid-item-bg\" data-nectar-img-src=\"https:\/\/unpop.ces.uc.pt\/wp-content\/uploads\/2024\/11\/Captura-de-ecra-2024-11-06-113714-221x300.png\"><\/div><div class=\"bg-overlay\" style=\" background-color: #000000;\" data-opacity=\"0.5\" data-hover-opacity=\"0.7\"><\/div><div class=\"content\"><a class=\"nectar-post-grid-link\" href=\"https:\/\/unpop.ces.uc.pt\/en\/cristiano-gianolla-em-entrevista-a-ruc\/\" aria-label=\"Cristiano Gianolla em entrevista \u00e0 RUC &#8211; Coment\u00e1rio \u00e0s elei\u00e7\u00f5es americanas de 2024\"><\/a><div class=\"item-main\"><h3 class=\"post-heading\"><a href=\"https:\/\/unpop.ces.uc.pt\/en\/cristiano-gianolla-em-entrevista-a-ruc\/\"><span>Cristiano Gianolla gives an interview to RUC - Commentary on the USA elections 2024<\/span><\/a><\/h3><span class=\"meta-date\">06\/11\/2024<\/span><\/div><\/div><\/div><\/div><div class=\"nectar-post-grid-item\" data-has-img=\"true\"> <div class=\"inner\"><div class=\"nectar-post-grid-item-bg\" data-nectar-img-src=\"https:\/\/unpop.ces.uc.pt\/wp-content\/uploads\/2024\/10\/Untitled-2-2-300x77.jpg\"><\/div><div class=\"bg-overlay\" style=\" background-color: #000000;\" data-opacity=\"0.5\" data-hover-opacity=\"0.7\"><\/div><div class=\"content\"><a class=\"nectar-post-grid-link\" href=\"https:\/\/unpop.ces.uc.pt\/en\/narrativas-das-emocoes-de-trump-e-harris-nas-eleicoes-americanas-2024\/\" aria-label=\"Narrativas das emo\u00e7\u00f5es de Trump e Harris nas elei\u00e7\u00f5es americanas 2024\"><\/a><div class=\"item-main\"><h3 class=\"post-heading\"><a href=\"https:\/\/unpop.ces.uc.pt\/en\/narrativas-das-emocoes-de-trump-e-harris-nas-eleicoes-americanas-2024\/\"><span>Narrativas das emo\u00e7\u00f5es de Trump e Harris nas elei\u00e7\u00f5es americanas 2024<\/span><\/a><\/h3><span class=\"meta-date\">21\/10\/2024<\/span><\/div><\/div><\/div><\/div><div class=\"nectar-post-grid-item\" data-has-img=\"true\"> <div class=\"inner\"><div class=\"nectar-post-grid-item-bg\" data-nectar-img-src=\"https:\/\/unpop.ces.uc.pt\/wp-content\/uploads\/2024\/05\/Ascensao-300x84.jpg\"><\/div><div class=\"bg-overlay\" style=\" background-color: #000000;\" data-opacity=\"0.5\" data-hover-opacity=\"0.7\"><\/div><div class=\"content\"><a class=\"nectar-post-grid-link\" href=\"https:\/\/unpop.ces.uc.pt\/en\/mesa-redonda-ascensao-da-extrema-direita\/\" aria-label=\"Round table \u2018Rise of the Far Right\u2019\"><\/a><div class=\"item-main\"><h3 class=\"post-heading\"><a href=\"https:\/\/unpop.ces.uc.pt\/en\/mesa-redonda-ascensao-da-extrema-direita\/\"><span>Round table \u2018Rise of the Far Right\u2019<\/span><\/a><\/h3><span class=\"meta-date\">08\/05\/2024<\/span><\/div><\/div><\/div><\/div><div class=\"nectar-post-grid-item\" data-has-img=\"true\"> <div class=\"inner\"><div class=\"nectar-post-grid-item-bg\" data-nectar-img-src=\"https:\/\/unpop.ces.uc.pt\/wp-content\/uploads\/2024\/03\/45545_Manuela-200x300.jpg\"><\/div><div class=\"bg-overlay\" style=\" background-color: #000000;\" data-opacity=\"0.5\" data-hover-opacity=\"0.7\"><\/div><div class=\"content\"><a class=\"nectar-post-grid-link\" href=\"https:\/\/unpop.ces.uc.pt\/en\/critique-decoloniality-emotion-and-populism-a-reflection\/\" aria-label=\"Critique, decoloniality, emotion and populism: A reflection\"><\/a><div class=\"item-main\"><h3 class=\"post-heading\"><a href=\"https:\/\/unpop.ces.uc.pt\/en\/critique-decoloniality-emotion-and-populism-a-reflection\/\"><span>Critique, decoloniality, emotion and populism: A reflection<\/span><\/a><\/h3><span class=\"meta-date\">22\/03\/2024<\/span><\/div><\/div><\/div><\/div><div class=\"nectar-post-grid-item\" data-has-img=\"true\"> <div class=\"inner\"><div class=\"nectar-post-grid-item-bg\" data-nectar-img-src=\"https:\/\/unpop.ces.uc.pt\/wp-content\/uploads\/2024\/02\/45325_Desktop_image-300x212.jpg\"><\/div><div class=\"bg-overlay\" style=\" background-color: #000000;\" data-opacity=\"0.5\" data-hover-opacity=\"0.7\"><\/div><div class=\"content\"><a class=\"nectar-post-grid-link\" href=\"https:\/\/unpop.ces.uc.pt\/en\/from-populism-to-emotions-in-order-to-rethink-democratic-processes\/\" aria-label=\"From populism to emotions in order to rethink democratic processes\"><\/a><div class=\"item-main\"><h3 class=\"post-heading\"><a href=\"https:\/\/unpop.ces.uc.pt\/en\/from-populism-to-emotions-in-order-to-rethink-democratic-processes\/\"><span>From populism to emotions in order to rethink democratic processes<\/span><\/a><\/h3><span class=\"meta-date\">29\/02\/2024<\/span><\/div><\/div><\/div><\/div><div class=\"nectar-post-grid-item\" data-has-img=\"true\"> <div class=\"inner\"><div class=\"nectar-post-grid-item-bg\" data-nectar-img-src=\"https:\/\/unpop.ces.uc.pt\/wp-content\/uploads\/2024\/01\/Sem-Titulo-300x126.jpg\"><\/div><div class=\"bg-overlay\" style=\" background-color: #000000;\" data-opacity=\"0.5\" data-hover-opacity=\"0.7\"><\/div><div class=\"content\"><a class=\"nectar-post-grid-link\" href=\"https:\/\/unpop.ces.uc.pt\/en\/minds-at-the-ballot-psychopathologies-and-political-behaviour\/\" aria-label=\"Minds at the Ballot: Psychopathologies and Political Behaviour\"><\/a><div class=\"item-main\"><h3 class=\"post-heading\"><a href=\"https:\/\/unpop.ces.uc.pt\/en\/minds-at-the-ballot-psychopathologies-and-political-behaviour\/\"><span>Minds at the Ballot: Psychopathologies and Political Behaviour<\/span><\/a><\/h3><span class=\"meta-date\">30\/01\/2024<\/span><\/div><\/div><\/div><\/div><div class=\"nectar-post-grid-item\" data-has-img=\"true\"> <div class=\"inner\"><div class=\"nectar-post-grid-item-bg\" data-nectar-img-src=\"https:\/\/unpop.ces.uc.pt\/wp-content\/uploads\/2024\/01\/Background-2-300x212.jpg\"><\/div><div class=\"bg-overlay\" style=\" background-color: #000000;\" data-opacity=\"0.5\" data-hover-opacity=\"0.7\"><\/div><div class=\"content\"><a class=\"nectar-post-grid-link\" href=\"https:\/\/unpop.ces.uc.pt\/en\/unpacking-entanglements-of-emotions-narratives-and-identities\/\" aria-label=\"Round Table: Unpacking entanglements of emotions, narratives and identities\"><\/a><div class=\"item-main\"><h3 class=\"post-heading\"><a href=\"https:\/\/unpop.ces.uc.pt\/en\/unpacking-entanglements-of-emotions-narratives-and-identities\/\"><span>Round Table: Unpacking entanglements of emotions, narratives and identities<\/span><\/a><\/h3><span class=\"meta-date\">25\/01\/2024<\/span><\/div><\/div><\/div><\/div><div class=\"nectar-post-grid-item\" data-has-img=\"true\"> <div class=\"inner\"><div class=\"nectar-post-grid-item-bg\" data-nectar-img-src=\"https:\/\/unpop.ces.uc.pt\/wp-content\/uploads\/2024\/01\/750px-2017.02.16_A_Day_Without_Immigrants_Washington_DC_USA_00882_32128171373_2-300x240.jpg\"><\/div><div class=\"bg-overlay\" style=\" background-color: #000000;\" data-opacity=\"0.5\" data-hover-opacity=\"0.7\"><\/div><div class=\"content\"><a class=\"nectar-post-grid-link\" href=\"https:\/\/unpop.ces.uc.pt\/en\/the-refugee-denied-the-construction-of-indifference-rejection-and-fear\/\" aria-label=\"The refugee denied: the construction of indifference, rejection and fear\"><\/a><div class=\"item-main\"><h3 class=\"post-heading\"><a href=\"https:\/\/unpop.ces.uc.pt\/en\/the-refugee-denied-the-construction-of-indifference-rejection-and-fear\/\"><span>The refugee denied: the construction of indifference, rejection and fear<\/span><\/a><\/h3><span class=\"meta-date\">30\/12\/2023<\/span><\/div><\/div><\/div><\/div><div class=\"nectar-post-grid-item\" data-has-img=\"true\"> <div class=\"inner\"><div class=\"nectar-post-grid-item-bg\" data-nectar-img-src=\"https:\/\/unpop.ces.uc.pt\/wp-content\/uploads\/2023\/11\/44647_alexander-grey-VmAWsnlVyMo-unsplash-300x200.jpg\"><\/div><div class=\"bg-overlay\" style=\" background-color: #000000;\" data-opacity=\"0.5\" data-hover-opacity=\"0.7\"><\/div><div class=\"content\"><a class=\"nectar-post-grid-link\" href=\"https:\/\/unpop.ces.uc.pt\/en\/affects-in-political-crises-towards-hegemony-through-populism\/\" aria-label=\"Affects in political crises: towards hegemony through populism\"><\/a><div class=\"item-main\"><h3 class=\"post-heading\"><a href=\"https:\/\/unpop.ces.uc.pt\/en\/affects-in-political-crises-towards-hegemony-through-populism\/\"><span>Affects in political crises: towards hegemony through populism<\/span><\/a><\/h3><span class=\"meta-date\">30\/11\/2023<\/span><\/div><\/div><\/div><\/div><div class=\"nectar-post-grid-item\" data-has-img=\"true\"> <div class=\"inner\"><div class=\"nectar-post-grid-item-bg\" data-nectar-img-src=\"https:\/\/unpop.ces.uc.pt\/wp-content\/uploads\/2023\/11\/44384_Collage-300x169.jpg\"><\/div><div class=\"bg-overlay\" style=\" background-color: #000000;\" data-opacity=\"0.5\" data-hover-opacity=\"0.7\"><\/div><div class=\"content\"><a class=\"nectar-post-grid-link\" href=\"https:\/\/unpop.ces.uc.pt\/en\/identity-and-the-role-of-female-populist-leaders-in-modulating-narrative-emotions\/\" aria-label=\"Identity and the role of female populist leaders in modulating narrative emotions\"><\/a><div class=\"item-main\"><h3 class=\"post-heading\"><a href=\"https:\/\/unpop.ces.uc.pt\/en\/identity-and-the-role-of-female-populist-leaders-in-modulating-narrative-emotions\/\"><span>Identity and the role of female populist leaders in modulating narrative emotions<\/span><\/a><\/h3><span class=\"meta-date\">30\/10\/2023<\/span><\/div><\/div><\/div><\/div><div class=\"nectar-post-grid-item\" data-has-img=\"true\"> <div class=\"inner\"><div class=\"nectar-post-grid-item-bg\" data-nectar-img-src=\"https:\/\/unpop.ces.uc.pt\/wp-content\/uploads\/2024\/01\/417405439_805395204933686_9003484708330948805_n-300x300.jpg\"><\/div><div class=\"bg-overlay\" style=\" background-color: #000000;\" data-opacity=\"0.5\" data-hover-opacity=\"0.7\"><\/div><div class=\"content\"><a class=\"nectar-post-grid-link\" href=\"https:\/\/unpop.ces.uc.pt\/en\/lisete-monico-recebe-distincao-de-oral-best-paper-pela-dignified-researchers-in-humanities-and-social-sciences-a-apresentacao-intitulada-construction-and-psychometric-validation-of-the-po\/\" aria-label=\"Lisete M\u00f3nico recebe distin\u00e7\u00e3o de &#8220;Oral Best Paper&#8221; pela Dignified Researchers in Humanities and Social Sciences \u00e0 apresenta\u00e7\u00e3o intitulada \u201cConstruction and Psychometric Validation of the Populist Attitudes Scale&#8221;\"><\/a><div class=\"item-main\"><h3 class=\"post-heading\"><a href=\"https:\/\/unpop.ces.uc.pt\/en\/lisete-monico-recebe-distincao-de-oral-best-paper-pela-dignified-researchers-in-humanities-and-social-sciences-a-apresentacao-intitulada-construction-and-psychometric-validation-of-the-po\/\"><span>Lisete M\u00f3nico recebe distin\u00e7\u00e3o de &#8220;Oral Best Paper&#8221; pela Dignified Researchers in Humanities and Social Sciences \u00e0 apresenta\u00e7\u00e3o intitulada \u201cConstruction and Psychometric Validation of the Populist Attitudes Scale&#8221;<\/span><\/a><\/h3><span class=\"meta-date\">08\/01\/2024<\/span><\/div><\/div><\/div><\/div><div class=\"nectar-post-grid-item\" data-has-img=\"true\"> <div class=\"inner\"><div class=\"nectar-post-grid-item-bg\" data-nectar-img-src=\"https:\/\/unpop.ces.uc.pt\/wp-content\/uploads\/2023\/10\/jakob-owens-mquKUMmBKh8-unsplash-300x203.jpg\"><\/div><div class=\"bg-overlay\" style=\" background-color: #000000;\" data-opacity=\"0.5\" data-hover-opacity=\"0.7\"><\/div><div class=\"content\"><a class=\"nectar-post-grid-link\" href=\"https:\/\/unpop.ces.uc.pt\/en\/narratives-and-imaginaries-as-polarising-war-weapons\/\" aria-label=\"Narratives and imaginaries as  (polarising) war weapons\"><\/a><div class=\"item-main\"><h3 class=\"post-heading\"><a href=\"https:\/\/unpop.ces.uc.pt\/en\/narratives-and-imaginaries-as-polarising-war-weapons\/\"><span>Narratives and imaginaries as  (polarising) war weapons<\/span><\/a><\/h3><span class=\"meta-date\">30\/09\/2023<\/span><\/div><\/div><\/div><\/div><div class=\"nectar-post-grid-item\" data-has-img=\"true\"> <div class=\"inner\"><div class=\"nectar-post-grid-item-bg\" data-nectar-img-src=\"https:\/\/unpop.ces.uc.pt\/wp-content\/uploads\/2023\/09\/Screenshot-2023-09-27-095907-300x150.png\"><\/div><div class=\"bg-overlay\" style=\" background-color: #000000;\" data-opacity=\"0.5\" data-hover-opacity=\"0.7\"><\/div><div class=\"content\"><a class=\"nectar-post-grid-link\" href=\"https:\/\/unpop.ces.uc.pt\/en\/unpop-participa-na-noite-europeia-dos-investigadores-2023\/\" aria-label=\"UNPOP participa na Noite Europeia dos Investigadores 2023\"><\/a><div class=\"item-main\"><h3 class=\"post-heading\"><a href=\"https:\/\/unpop.ces.uc.pt\/en\/unpop-participa-na-noite-europeia-dos-investigadores-2023\/\"><span>UNPOP participa na Noite Europeia dos Investigadores 2023<\/span><\/a><\/h3><span class=\"meta-date\">29\/09\/2023<\/span><\/div><\/div><\/div><\/div><div class=\"nectar-post-grid-item\" data-has-img=\"true\"> <div class=\"inner\"><div class=\"nectar-post-grid-item-bg\" data-nectar-img-src=\"https:\/\/unpop.ces.uc.pt\/wp-content\/uploads\/2023\/08\/padrao-dos-descobrimentos-monument-of-the-discoveries-windrose-map-of-the-world-belem-tejo-300x225.jpg\"><\/div><div class=\"bg-overlay\" style=\" background-color: #000000;\" data-opacity=\"0.5\" data-hover-opacity=\"0.7\"><\/div><div class=\"content\"><a class=\"nectar-post-grid-link\" href=\"https:\/\/unpop.ces.uc.pt\/en\/still-proudly-alone-the-dangerous-decolonial-afterlife-of-salazarisms-myths\/\" aria-label=\"Still \u2018Proudly alone\u2019? The dangerous decolonial afterlife of Salazarism\u2019s myths\"><\/a><div class=\"item-main\"><h3 class=\"post-heading\"><a href=\"https:\/\/unpop.ces.uc.pt\/en\/still-proudly-alone-the-dangerous-decolonial-afterlife-of-salazarisms-myths\/\"><span>Still \u2018Proudly alone\u2019? The dangerous decolonial afterlife of Salazarism\u2019s myths<\/span><\/a><\/h3><span class=\"meta-date\">30\/08\/2023<\/span><\/div><\/div><\/div><\/div><div class=\"nectar-post-grid-item\" data-has-img=\"true\"> <div class=\"inner\"><div class=\"nectar-post-grid-item-bg\" data-nectar-img-src=\"https:\/\/unpop.ces.uc.pt\/wp-content\/uploads\/2023\/07\/WissalUnagranpuzzadi-300x127.png\"><\/div><div class=\"bg-overlay\" style=\" background-color: #000000;\" data-opacity=\"0.5\" data-hover-opacity=\"0.7\"><\/div><div class=\"content\"><a class=\"nectar-post-grid-link\" href=\"https:\/\/unpop.ces.uc.pt\/en\/the-disgust-of-racism-in-italy\/\" aria-label=\"The Disgust of Racism in Italy\"><\/a><div class=\"item-main\"><h3 class=\"post-heading\"><a href=\"https:\/\/unpop.ces.uc.pt\/en\/the-disgust-of-racism-in-italy\/\"><span>The Disgust of Racism in Italy<\/span><\/a><\/h3><span class=\"meta-date\">31\/07\/2023<\/span><\/div><\/div><\/div><\/div><div class=\"nectar-post-grid-item\" data-has-img=\"true\"> <div class=\"inner\"><div class=\"nectar-post-grid-item-bg\" data-nectar-img-src=\"https:\/\/unpop.ces.uc.pt\/wp-content\/uploads\/2023\/09\/43234_NHUMEP_RUC-center-top-700x400-1-300x171.jpg\"><\/div><div class=\"bg-overlay\" style=\" background-color: #000000;\" data-opacity=\"0.5\" data-hover-opacity=\"0.7\"><\/div><div class=\"content\"><a class=\"nectar-post-grid-link\" href=\"https:\/\/unpop.ces.uc.pt\/en\/cristiano-gianolla-na-ruc-a-falar-sobre-populismos\/\" aria-label=\"Cristiano Gianolla na RUC a falar sobre Populismos\"><\/a><div class=\"item-main\"><h3 class=\"post-heading\"><a href=\"https:\/\/unpop.ces.uc.pt\/en\/cristiano-gianolla-na-ruc-a-falar-sobre-populismos\/\"><span>Cristiano Gianolla na RUC a falar sobre Populismos<\/span><\/a><\/h3><span class=\"meta-date\">29\/07\/2023<\/span><\/div><\/div><\/div><\/div><div class=\"nectar-post-grid-item\" data-has-img=\"true\"> <div class=\"inner\"><div class=\"nectar-post-grid-item-bg\" data-nectar-img-src=\"https:\/\/unpop.ces.uc.pt\/wp-content\/uploads\/2023\/07\/Gaia-300x155.jpg\"><\/div><div class=\"bg-overlay\" style=\" background-color: #000000;\" data-opacity=\"0.5\" data-hover-opacity=\"0.7\"><\/div><div class=\"content\"><a class=\"nectar-post-grid-link\" href=\"https:\/\/unpop.ces.uc.pt\/en\/paixoes-privadas-com-gaia-giuliani-na-rdp-africa\/\" aria-label=\"Private passions With Gaia Giuliani on RDP Africa\"><\/a><div class=\"item-main\"><h3 class=\"post-heading\"><a href=\"https:\/\/unpop.ces.uc.pt\/en\/paixoes-privadas-com-gaia-giuliani-na-rdp-africa\/\"><span>Private passions With Gaia Giuliani on RDP Africa<\/span><\/a><\/h3><span class=\"meta-date\">16\/07\/2023<\/span><\/div><\/div><\/div><\/div><div class=\"nectar-post-grid-item\" data-has-img=\"true\"> <div class=\"inner\"><div class=\"nectar-post-grid-item-bg\" data-nectar-img-src=\"https:\/\/unpop.ces.uc.pt\/wp-content\/uploads\/2023\/06\/WhatsApp-Image-2023-06-15-at-11_52_40-21.jpeg\"><\/div><div class=\"bg-overlay\" style=\" background-color: #000000;\" data-opacity=\"0.5\" data-hover-opacity=\"0.7\"><\/div><div class=\"content\"><a class=\"nectar-post-grid-link\" href=\"https:\/\/unpop.ces.uc.pt\/en\/what-do-women-want-how-women-are-portrayed-in-marine-le-pens-rassemblement-national-duplicate-1\/\" aria-label=\"Mediterranean border crossings, populism, emotions and postcolonial (post-)memory\"><\/a><div class=\"item-main\"><h3 class=\"post-heading\"><a href=\"https:\/\/unpop.ces.uc.pt\/en\/what-do-women-want-how-women-are-portrayed-in-marine-le-pens-rassemblement-national-duplicate-1\/\"><span>Mediterranean border crossings, populism, emotions and postcolonial (post-)memory<\/span><\/a><\/h3><span class=\"meta-date\">30\/06\/2023<\/span><\/div><\/div><\/div><\/div><div class=\"nectar-post-grid-item\" data-has-img=\"true\"> <div class=\"inner\"><div class=\"nectar-post-grid-item-bg\" data-nectar-img-src=\"https:\/\/unpop.ces.uc.pt\/wp-content\/uploads\/2023\/06\/Screen-Shot-2023-06-01-at-16_11_191-300x297.png\"><\/div><div class=\"bg-overlay\" style=\" background-color: #000000;\" data-opacity=\"0.5\" data-hover-opacity=\"0.7\"><\/div><div class=\"content\"><a class=\"nectar-post-grid-link\" href=\"https:\/\/unpop.ces.uc.pt\/en\/what-do-women-want-how-women-are-portrayed-in-marine-le-pens-rassemblement-national\/\" aria-label=\"What do women want? How women are portrayed in Marine Le Pen\u2019s Rassemblement National\"><\/a><div class=\"item-main\"><h3 class=\"post-heading\"><a href=\"https:\/\/unpop.ces.uc.pt\/en\/what-do-women-want-how-women-are-portrayed-in-marine-le-pens-rassemblement-national\/\"><span>What do women want? How women are portrayed in Marine Le Pen\u2019s Rassemblement National<\/span><\/a><\/h3><span class=\"meta-date\">30\/05\/2023<\/span><\/div><\/div><\/div><\/div><div class=\"nectar-post-grid-item\" data-has-img=\"true\"> <div class=\"inner\"><div class=\"nectar-post-grid-item-bg\" data-nectar-img-src=\"https:\/\/unpop.ces.uc.pt\/wp-content\/uploads\/2023\/05\/Finnish_Parliament-300x200.jpg\"><\/div><div class=\"bg-overlay\" style=\" background-color: #000000;\" data-opacity=\"0.5\" data-hover-opacity=\"0.7\"><\/div><div class=\"content\"><a class=\"nectar-post-grid-link\" href=\"https:\/\/unpop.ces.uc.pt\/en\/new-populist-dynamics-is-political-polarisation-emerging-in-finland\/\" aria-label=\"New populist dynamics: Is political polarisation emerging in Finland?\"><\/a><div class=\"item-main\"><h3 class=\"post-heading\"><a href=\"https:\/\/unpop.ces.uc.pt\/en\/new-populist-dynamics-is-political-polarisation-emerging-in-finland\/\"><span>New populist dynamics: Is political polarisation emerging in Finland?<\/span><\/a><\/h3><span class=\"meta-date\">30\/04\/2023<\/span><\/div><\/div><\/div><\/div><div class=\"nectar-post-grid-item\" data-has-img=\"true\"> <div class=\"inner\"><div class=\"nectar-post-grid-item-bg\" data-nectar-img-src=\"https:\/\/unpop.ces.uc.pt\/wp-content\/uploads\/2023\/04\/Revolution_Conversas_Dossier_v03-1-1_page-0001-212x300.jpg\"><\/div><div class=\"bg-overlay\" style=\" background-color: #000000;\" data-opacity=\"0.5\" data-hover-opacity=\"0.7\"><\/div><div class=\"content\"><a class=\"nectar-post-grid-link\" href=\"https:\/\/unpop.ces.uc.pt\/en\/cristiano-gianolla-%c2%b7-co-organiser-and-chair-of-the-open-conference-participacao-e-democracia-participation-and-democracy-public-event-of-presentation-and-contextualisation-of-the-theater\/\" aria-label=\"Cristiano Gianolla \u00b7 Co-organiser and Chair, of the open conference [Participation and Democracy], public event of presentation and contextualisation of the Theater play &#8216;REVOLUTION (Provisional Title)\"><\/a><div class=\"item-main\"><h3 class=\"post-heading\"><a href=\"https:\/\/unpop.ces.uc.pt\/en\/cristiano-gianolla-%c2%b7-co-organiser-and-chair-of-the-open-conference-participacao-e-democracia-participation-and-democracy-public-event-of-presentation-and-contextualisation-of-the-theater\/\"><span>Cristiano Gianolla \u00b7 Co-organiser and Chair, of the open conference [Participation and Democracy], public event of presentation and contextualisation of the Theater play &#8216;REVOLUTION (Provisional Title)<\/span><\/a><\/h3><span class=\"meta-date\">28\/04\/2023<\/span><\/div><\/div><\/div><\/div><div class=\"nectar-post-grid-item\" data-has-img=\"true\"> <div class=\"inner\"><div class=\"nectar-post-grid-item-bg\" data-nectar-img-src=\"https:\/\/unpop.ces.uc.pt\/wp-content\/uploads\/2023\/04\/MJC-300x253.jpg\"><\/div><div class=\"bg-overlay\" style=\" background-color: #000000;\" data-opacity=\"0.5\" data-hover-opacity=\"0.7\"><\/div><div class=\"content\"><a class=\"nectar-post-grid-link\" href=\"https:\/\/unpop.ces.uc.pt\/en\/manuel-joao-cruz-em-entrevista-ao-jornal-de-noticias-o-populismo-contamina-discurso-e-ha-o-risco-que-outros-partidos-o-adotem\/\" aria-label=\"Manuel Jo\u00e3o Cruz em entrevista ao Jornal de Not\u00edcias: &#8220;O populismo contamina discurso&#8221; e h\u00e1 o risco que outros partidos o adotem\"><\/a><div class=\"item-main\"><h3 class=\"post-heading\"><a href=\"https:\/\/unpop.ces.uc.pt\/en\/manuel-joao-cruz-em-entrevista-ao-jornal-de-noticias-o-populismo-contamina-discurso-e-ha-o-risco-que-outros-partidos-o-adotem\/\"><span>Manuel Jo\u00e3o Cruz interviewed by Jornal de Not\u00edcias: \"Populism contaminates discourse\" and there is a risk that other parties will adopt it<\/span><\/a><\/h3><span class=\"meta-date\">22\/04\/2023<\/span><\/div><\/div><\/div><\/div><div class=\"nectar-post-grid-item\" data-has-img=\"true\"> <div class=\"inner\"><div class=\"nectar-post-grid-item-bg\" data-nectar-img-src=\"https:\/\/unpop.ces.uc.pt\/wp-content\/uploads\/2023\/03\/IMAGE-RFP-Creator-SIPHIWE-SIBEKO_-Credit-REUTERS_-Copyright-SIPHIWE-SIBEKO-300x180.jpg\"><\/div><div class=\"bg-overlay\" style=\" background-color: #000000;\" data-opacity=\"0.5\" data-hover-opacity=\"0.7\"><\/div><div class=\"content\"><a class=\"nectar-post-grid-link\" href=\"https:\/\/unpop.ces.uc.pt\/en\/populism-and-welfare-chauvinism-in-africa-a-glance-at-lesothos-2022-electoral-process\/\" aria-label=\"Populism and Welfare Chauvinism in Africa. A glance at Lesotho\u2019s 2022 Electoral Process\"><\/a><div class=\"item-main\"><h3 class=\"post-heading\"><a href=\"https:\/\/unpop.ces.uc.pt\/en\/populism-and-welfare-chauvinism-in-africa-a-glance-at-lesothos-2022-electoral-process\/\"><span>Populism and Welfare Chauvinism in Africa. A glance at Lesotho\u2019s 2022 Electoral Process<\/span><\/a><\/h3><span class=\"meta-date\">30\/03\/2023<\/span><\/div><\/div><\/div><\/div><div class=\"nectar-post-grid-item\" data-has-img=\"true\"> <div class=\"inner\"><div class=\"nectar-post-grid-item-bg\" data-nectar-img-src=\"https:\/\/unpop.ces.uc.pt\/wp-content\/uploads\/2023\/02\/1024-300x169.jpg\"><\/div><div class=\"bg-overlay\" style=\" background-color: #000000;\" data-opacity=\"0.5\" data-hover-opacity=\"0.7\"><\/div><div class=\"content\"><a class=\"nectar-post-grid-link\" href=\"https:\/\/unpop.ces.uc.pt\/en\/do-amor-ao-odio-o-ser-humano-e-capaz-de-tudo-mas-afinal-porque-odiamos-tanto\/\" aria-label=\"Cristiano Gianolla em entrevista \u00e0 CNN: &#8220;Do amor ao \u00f3dio, o ser humano \u00e9 capaz de tudo. Mas, afinal, porque odiamos tanto?&#8221;\"><\/a><div class=\"item-main\"><h3 class=\"post-heading\"><a href=\"https:\/\/unpop.ces.uc.pt\/en\/do-amor-ao-odio-o-ser-humano-e-capaz-de-tudo-mas-afinal-porque-odiamos-tanto\/\"><span>Cristiano Gianolla in an interview with CNN: \"From love to hate, the human being is capable of everything. But, after all, why do we hate so much?\"<\/span><\/a><\/h3><span class=\"meta-date\">26\/03\/2023<\/span><\/div><\/div><\/div><\/div><div class=\"nectar-post-grid-item\" data-has-img=\"true\"> <div class=\"inner\"><div class=\"nectar-post-grid-item-bg\" data-nectar-img-src=\"https:\/\/unpop.ces.uc.pt\/wp-content\/uploads\/2023\/02\/collapsetrust-rise-populism-300x180.jpg\"><\/div><div class=\"bg-overlay\" style=\" background-color: #000000;\" data-opacity=\"0.5\" data-hover-opacity=\"0.7\"><\/div><div class=\"content\"><a class=\"nectar-post-grid-link\" href=\"https:\/\/unpop.ces.uc.pt\/en\/the-psychological-dynamics-of-far-right-populist-politics-prejudice-emotions-and-identity\/\" aria-label=\"The Psychological Dynamics of Far Right Populist Politics: Prejudice, Emotions, and Identity\"><\/a><div class=\"item-main\"><h3 class=\"post-heading\"><a href=\"https:\/\/unpop.ces.uc.pt\/en\/the-psychological-dynamics-of-far-right-populist-politics-prejudice-emotions-and-identity\/\"><span>The Psychological Dynamics of Far Right Populist Politics: Prejudice, Emotions, and Identity<\/span><\/a><\/h3><span class=\"meta-date\">28\/02\/2023<\/span><\/div><\/div><\/div><\/div><div class=\"nectar-post-grid-item\" data-has-img=\"true\"> <div class=\"inner\"><div class=\"nectar-post-grid-item-bg\" data-nectar-img-src=\"https:\/\/unpop.ces.uc.pt\/wp-content\/uploads\/2023\/01\/284756-1516283106-300x180.jpg\"><\/div><div class=\"bg-overlay\" style=\" background-color: #000000;\" data-opacity=\"0.5\" data-hover-opacity=\"0.7\"><\/div><div class=\"content\"><a class=\"nectar-post-grid-link\" href=\"https:\/\/unpop.ces.uc.pt\/en\/how-right-wing-populists-use-behavioral-psychology-to-mobilize-voters-a-social-identity-theory-perspective\/\" aria-label=\"How Right-wing Populists use Behavioral Psychology to Mobilize Voters: A Social Identity Theory perspective\"><\/a><div class=\"item-main\"><h3 class=\"post-heading\"><a href=\"https:\/\/unpop.ces.uc.pt\/en\/how-right-wing-populists-use-behavioral-psychology-to-mobilize-voters-a-social-identity-theory-perspective\/\"><span>How Right-wing Populists use Behavioral Psychology to Mobilize Voters: A Social Identity Theory perspective<\/span><\/a><\/h3><span class=\"meta-date\">30\/01\/2023<\/span><\/div><\/div><\/div><\/div><div class=\"nectar-post-grid-item\" data-has-img=\"true\"> <div class=\"inner\"><div class=\"nectar-post-grid-item-bg\" data-nectar-img-src=\"https:\/\/unpop.ces.uc.pt\/wp-content\/uploads\/2023\/01\/academus.png\"><\/div><div class=\"bg-overlay\" style=\" background-color: #000000;\" data-opacity=\"0.5\" data-hover-opacity=\"0.7\"><\/div><div class=\"content\"><a class=\"nectar-post-grid-link\" href=\"https:\/\/unpop.ces.uc.pt\/en\/as-narrativas-da-emocao-no-populismo-academus-podcast-t-2-ep-18\/\" aria-label=\"Narratives of Emotion in Populism (Academus Podcast T.2, Ep. 18)\"><\/a><div class=\"item-main\"><h3 class=\"post-heading\"><a href=\"https:\/\/unpop.ces.uc.pt\/en\/as-narrativas-da-emocao-no-populismo-academus-podcast-t-2-ep-18\/\"><span>Narratives of Emotion in Populism (Academus Podcast T.2, Ep. 18)<\/span><\/a><\/h3><span class=\"meta-date\">26\/01\/2023<\/span><\/div><\/div><\/div><\/div><div class=\"nectar-post-grid-item\" data-has-img=\"true\"> <div class=\"inner\"><div class=\"nectar-post-grid-item-bg\" data-nectar-img-src=\"https:\/\/unpop.ces.uc.pt\/wp-content\/uploads\/2022\/12\/137408239-300x150.jpg\"><\/div><div class=\"bg-overlay\" style=\" background-color: #000000;\" data-opacity=\"0.5\" data-hover-opacity=\"0.7\"><\/div><div class=\"content\"><a class=\"nectar-post-grid-link\" href=\"https:\/\/unpop.ces.uc.pt\/en\/anger-and-populist-attitudes-how-could-anger-activate-latent-populist-attitudes\/\" aria-label=\"Anger and Populist Attitudes: How Could Anger Activate Latent Populist Attitudes?\"><\/a><div class=\"item-main\"><h3 class=\"post-heading\"><a href=\"https:\/\/unpop.ces.uc.pt\/en\/anger-and-populist-attitudes-how-could-anger-activate-latent-populist-attitudes\/\"><span>Anger and Populist Attitudes: How Could Anger Activate Latent Populist Attitudes?<\/span><\/a><\/h3><span class=\"meta-date\">30\/12\/2022<\/span><\/div><\/div><\/div><\/div><div class=\"nectar-post-grid-item\" data-has-img=\"true\"> <div class=\"inner\"><div class=\"nectar-post-grid-item-bg\" data-nectar-img-src=\"https:\/\/unpop.ces.uc.pt\/wp-content\/uploads\/2022\/12\/41295_populism-300x141.jpg\"><\/div><div class=\"bg-overlay\" style=\" background-color: #000000;\" data-opacity=\"0.5\" data-hover-opacity=\"0.7\"><\/div><div class=\"content\"><a class=\"nectar-post-grid-link\" href=\"https:\/\/unpop.ces.uc.pt\/en\/yes-populism-has-benefits-for-democracy\/\" aria-label=\"Yes! Populism has benefits for democracy\"><\/a><div class=\"item-main\"><h3 class=\"post-heading\"><a href=\"https:\/\/unpop.ces.uc.pt\/en\/yes-populism-has-benefits-for-democracy\/\"><span>Yes! Populism has benefits for democracy<\/span><\/a><\/h3><span class=\"meta-date\">30\/11\/2022<\/span><\/div><\/div><\/div><\/div><div class=\"nectar-post-grid-item\" data-has-img=\"true\"> <div class=\"inner\"><div class=\"nectar-post-grid-item-bg\" data-nectar-img-src=\"https:\/\/unpop.ces.uc.pt\/wp-content\/uploads\/2022\/12\/disseminacao_11112022-300x168.jpg\"><\/div><div class=\"bg-overlay\" style=\" background-color: #000000;\" data-opacity=\"0.5\" data-hover-opacity=\"0.7\"><\/div><div class=\"content\"><a class=\"nectar-post-grid-link\" href=\"https:\/\/unpop.ces.uc.pt\/en\/frente-a-frente-com-cristiano-gianolla-rtp\/\" aria-label=\"Frente a Frente com Cristiano Gianolla (RTP)\"><\/a><div class=\"item-main\"><h3 class=\"post-heading\"><a href=\"https:\/\/unpop.ces.uc.pt\/en\/frente-a-frente-com-cristiano-gianolla-rtp\/\"><span>Frente a Frente com Cristiano Gianolla (RTP)<\/span><\/a><\/h3><span class=\"meta-date\">11\/11\/2022<\/span><\/div><\/div><\/div><\/div><div class=\"nectar-post-grid-item\" data-has-img=\"true\"> <div class=\"inner\"><div class=\"nectar-post-grid-item-bg\" data-nectar-img-src=\"https:\/\/unpop.ces.uc.pt\/wp-content\/uploads\/2022\/11\/20220509_130045-300x135.jpg\"><\/div><div class=\"bg-overlay\" style=\" background-color: #000000;\" data-opacity=\"0.5\" data-hover-opacity=\"0.7\"><\/div><div class=\"content\"><a class=\"nectar-post-grid-link\" href=\"https:\/\/unpop.ces.uc.pt\/en\/the-future-of-europe-calls-for-emotional-engagement-to-overcome-populism\/\" aria-label=\"The future of Europe calls for emotional engagement to overcome populism\"><\/a><div class=\"item-main\"><h3 class=\"post-heading\"><a href=\"https:\/\/unpop.ces.uc.pt\/en\/the-future-of-europe-calls-for-emotional-engagement-to-overcome-populism\/\"><span>The future of Europe calls for emotional engagement to overcome populism<\/span><\/a><\/h3><span class=\"meta-date\">30\/10\/2022<\/span><\/div><\/div><\/div><\/div><div class=\"nectar-post-grid-item\" data-has-img=\"true\"> <div class=\"inner\"><div class=\"nectar-post-grid-item-bg\" data-nectar-img-src=\"https:\/\/unpop.ces.uc.pt\/wp-content\/uploads\/2022\/09\/40633_Captura_de_ecra_2022-09-29_203102-300x168.png\"><\/div><div class=\"bg-overlay\" style=\" background-color: #000000;\" data-opacity=\"0.5\" data-hover-opacity=\"0.7\"><\/div><div class=\"content\"><a class=\"nectar-post-grid-link\" href=\"https:\/\/unpop.ces.uc.pt\/en\/the-sexual-order-of-european-far-right-populism-or-when-whiteness-prevails-over-gender-based-solidarity\/\" aria-label=\"The Sexual Order of European Far-Right Populism, or when Whiteness Prevails over Gender based solidarity\"><\/a><div class=\"item-main\"><h3 class=\"post-heading\"><a href=\"https:\/\/unpop.ces.uc.pt\/en\/the-sexual-order-of-european-far-right-populism-or-when-whiteness-prevails-over-gender-based-solidarity\/\"><span>The Sexual Order of European Far-Right Populism, or when Whiteness Prevails over Gender based solidarity<\/span><\/a><\/h3><span class=\"meta-date\">30\/09\/2022<\/span><\/div><\/div><\/div><\/div><div class=\"nectar-post-grid-item\" data-has-img=\"true\"> <div class=\"inner\"><div class=\"nectar-post-grid-item-bg\" data-nectar-img-src=\"https:\/\/unpop.ces.uc.pt\/wp-content\/uploads\/2022\/09\/40233_joakim-honkasalo-DurC25GdOvk-unsplash_1-300x223.jpg\"><\/div><div class=\"bg-overlay\" style=\" background-color: #000000;\" data-opacity=\"0.5\" data-hover-opacity=\"0.7\"><\/div><div class=\"content\"><a class=\"nectar-post-grid-link\" href=\"https:\/\/unpop.ces.uc.pt\/en\/parliamenting-as-an-alternative-to-populist-politics\/\" aria-label=\"Parliamenting as an alternative to populist politics\"><\/a><div class=\"item-main\"><h3 class=\"post-heading\"><a href=\"https:\/\/unpop.ces.uc.pt\/en\/parliamenting-as-an-alternative-to-populist-politics\/\"><span>Parliamenting as an alternative to populist politics<\/span><\/a><\/h3><span class=\"meta-date\">30\/08\/2022<\/span><\/div><\/div><\/div><\/div><div class=\"nectar-post-grid-item\" data-has-img=\"true\"> <div class=\"inner\"><div class=\"nectar-post-grid-item-bg\" data-nectar-img-src=\"https:\/\/unpop.ces.uc.pt\/wp-content\/uploads\/2022\/11\/WechatIMG1603-1-300x137.jpeg\"><\/div><div class=\"bg-overlay\" style=\" background-color: #000000;\" data-opacity=\"0.5\" data-hover-opacity=\"0.7\"><\/div><div class=\"content\"><a class=\"nectar-post-grid-link\" href=\"https:\/\/unpop.ces.uc.pt\/en\/emotional-mobilization-in-chinese-online-bottom-up-populism\/\" aria-label=\"Emotional mobilization in Chinese online bottom-up populism\"><\/a><div class=\"item-main\"><h3 class=\"post-heading\"><a href=\"https:\/\/unpop.ces.uc.pt\/en\/emotional-mobilization-in-chinese-online-bottom-up-populism\/\"><span>Emotional mobilization in Chinese online bottom-up populism<\/span><\/a><\/h3><span class=\"meta-date\">30\/07\/2022<\/span><\/div><\/div><\/div><\/div><div class=\"nectar-post-grid-item\" data-has-img=\"true\"> <div class=\"inner\"><div class=\"nectar-post-grid-item-bg\" data-nectar-img-src=\"https:\/\/unpop.ces.uc.pt\/wp-content\/uploads\/2022\/06\/39409_rachel-park-hrlvr2ZlUNk-unsplash-300x200.jpg\"><\/div><div class=\"bg-overlay\" style=\" background-color: #000000;\" data-opacity=\"0.5\" data-hover-opacity=\"0.7\"><\/div><div class=\"content\"><a class=\"nectar-post-grid-link\" href=\"https:\/\/unpop.ces.uc.pt\/en\/emotions-populism-and-the-politics-of-the-everyday\/\" aria-label=\"Emotions, populism and the politics of the everyday\"><\/a><div class=\"item-main\"><h3 class=\"post-heading\"><a href=\"https:\/\/unpop.ces.uc.pt\/en\/emotions-populism-and-the-politics-of-the-everyday\/\"><span>Emotions, populism and the politics of the everyday<\/span><\/a><\/h3><span class=\"meta-date\">30\/06\/2022<\/span><\/div><\/div><\/div><\/div><div class=\"nectar-post-grid-item\" data-has-img=\"true\"> <div class=\"inner\"><div class=\"nectar-post-grid-item-bg\" data-nectar-img-src=\"https:\/\/unpop.ces.uc.pt\/wp-content\/uploads\/2022\/05\/39120_technology-ga5fb39b8a_640-300x168.jpg\"><\/div><div class=\"bg-overlay\" style=\" background-color: #000000;\" data-opacity=\"0.5\" data-hover-opacity=\"0.7\"><\/div><div class=\"content\"><a class=\"nectar-post-grid-link\" href=\"https:\/\/unpop.ces.uc.pt\/en\/understanding-populism-through-the-institutionalization-of-emotions-a-mediatization-perspective\/\" aria-label=\"Understanding populism through the institutionalization of emotions: a mediatization perspective\"><\/a><div class=\"item-main\"><h3 class=\"post-heading\"><a href=\"https:\/\/unpop.ces.uc.pt\/en\/understanding-populism-through-the-institutionalization-of-emotions-a-mediatization-perspective\/\"><span>Understanding populism through the institutionalization of emotions: a mediatization perspective<\/span><\/a><\/h3><span class=\"meta-date\">30\/05\/2022<\/span><\/div><\/div><\/div><\/div><div class=\"nectar-post-grid-item\" data-has-img=\"true\"> <div class=\"inner\"><div class=\"nectar-post-grid-item-bg\" data-nectar-img-src=\"https:\/\/unpop.ces.uc.pt\/wp-content\/uploads\/2022\/04\/38600_discussion-300x212.jpg\"><\/div><div class=\"bg-overlay\" style=\" background-color: #000000;\" data-opacity=\"0.5\" data-hover-opacity=\"0.7\"><\/div><div class=\"content\"><a class=\"nectar-post-grid-link\" href=\"https:\/\/unpop.ces.uc.pt\/en\/direct-democracy-against-populism\/\" aria-label=\"Direct democracy against populism\"><\/a><div class=\"item-main\"><h3 class=\"post-heading\"><a href=\"https:\/\/unpop.ces.uc.pt\/en\/direct-democracy-against-populism\/\"><span>Direct democracy against populism<\/span><\/a><\/h3><span class=\"meta-date\">30\/04\/2022<\/span><\/div><\/div><\/div><\/div><div class=\"nectar-post-grid-item\" data-has-img=\"true\"> <div class=\"inner\"><div class=\"nectar-post-grid-item-bg\" data-nectar-img-src=\"https:\/\/unpop.ces.uc.pt\/wp-content\/uploads\/2023\/03\/UNPOP_DC-300x72.jpg\"><\/div><div class=\"bg-overlay\" style=\" background-color: #000000;\" data-opacity=\"0.5\" data-hover-opacity=\"0.7\"><\/div><div class=\"content\"><a class=\"nectar-post-grid-link\" href=\"https:\/\/unpop.ces.uc.pt\/en\/unpop-no-diario-de-coimbra\/\" aria-label=\"UNPOP no Di\u00e1rio de Coimbra\"><\/a><div class=\"item-main\"><h3 class=\"post-heading\"><a href=\"https:\/\/unpop.ces.uc.pt\/en\/unpop-no-diario-de-coimbra\/\"><span>UNPOP no Di\u00e1rio de Coimbra<\/span><\/a><\/h3><span class=\"meta-date\">21\/04\/2022<\/span><\/div><\/div><\/div><\/div><div class=\"nectar-post-grid-item\" data-has-img=\"true\"> <div class=\"inner\"><div class=\"nectar-post-grid-item-bg\" data-nectar-img-src=\"https:\/\/unpop.ces.uc.pt\/wp-content\/uploads\/2022\/11\/mazonaws-300x169.jpg\"><\/div><div class=\"bg-overlay\" style=\" background-color: #000000;\" data-opacity=\"0.5\" data-hover-opacity=\"0.7\"><\/div><div class=\"content\"><a class=\"nectar-post-grid-link\" href=\"https:\/\/unpop.ces.uc.pt\/en\/populism-and-negative-partisanship\/\" aria-label=\"Populism and Negative Partisanship\"><\/a><div class=\"item-main\"><h3 class=\"post-heading\"><a href=\"https:\/\/unpop.ces.uc.pt\/en\/populism-and-negative-partisanship\/\"><span>Populism and Negative Partisanship<\/span><\/a><\/h3><span class=\"meta-date\">30\/03\/2022<\/span><\/div><\/div><\/div><\/div><div class=\"nectar-post-grid-item\" data-has-img=\"true\"> <div class=\"inner\"><div class=\"nectar-post-grid-item-bg\" data-nectar-img-src=\"https:\/\/unpop.ces.uc.pt\/wp-content\/uploads\/2022\/02\/istockphoto-1285664202-612x612-1-300x199.jpg\"><\/div><div class=\"bg-overlay\" style=\" background-color: #000000;\" data-opacity=\"0.5\" data-hover-opacity=\"0.7\"><\/div><div class=\"content\"><a class=\"nectar-post-grid-link\" href=\"https:\/\/unpop.ces.uc.pt\/en\/welfare-chauvinism-as-right-wing-populist-polarization\/\" aria-label=\"Welfare chauvinism as right-wing populist polarization\"><\/a><div class=\"item-main\"><h3 class=\"post-heading\"><a href=\"https:\/\/unpop.ces.uc.pt\/en\/welfare-chauvinism-as-right-wing-populist-polarization\/\"><span>Welfare chauvinism as right-wing populist polarization<\/span><\/a><\/h3><span class=\"meta-date\">28\/02\/2022<\/span><\/div><\/div><\/div><\/div><div class=\"nectar-post-grid-item\" data-has-img=\"true\"> <div class=\"inner\"><div class=\"nectar-post-grid-item-bg\" data-nectar-img-src=\"https:\/\/unpop.ces.uc.pt\/wp-content\/uploads\/2022\/12\/GettyImages-1236983572-300x200.jpg\"><\/div><div class=\"bg-overlay\" style=\" background-color: #000000;\" data-opacity=\"0.5\" data-hover-opacity=\"0.7\"><\/div><div class=\"content\"><a class=\"nectar-post-grid-link\" href=\"https:\/\/unpop.ces.uc.pt\/en\/politics-of-anxiety-and-faith-hindutva-in-war-with-gandhis-soul\/\" aria-label=\"Politics of Anxiety and Faith: Hindutva in War with Gandhi&#8217;s Soul\"><\/a><div class=\"item-main\"><h3 class=\"post-heading\"><a href=\"https:\/\/unpop.ces.uc.pt\/en\/politics-of-anxiety-and-faith-hindutva-in-war-with-gandhis-soul\/\"><span>Politics of Anxiety and Faith: Hindutva in War with Gandhi&#8217;s Soul<\/span><\/a><\/h3><span class=\"meta-date\">30\/01\/2022<\/span><\/div><\/div><\/div><\/div><div class=\"nectar-post-grid-item\" data-has-img=\"true\"> <div class=\"inner\"><div class=\"nectar-post-grid-item-bg\" data-nectar-img-src=\"https:\/\/unpop.ces.uc.pt\/wp-content\/uploads\/2022\/11\/barefoot-communications-z2M7JefmTEw-unsplash-300x200.jpg\"><\/div><div class=\"bg-overlay\" style=\" background-color: #000000;\" data-opacity=\"0.5\" data-hover-opacity=\"0.7\"><\/div><div class=\"content\"><a class=\"nectar-post-grid-link\" href=\"https:\/\/unpop.ces.uc.pt\/en\/emotions-populism-and-the-digital-space\/\" aria-label=\"Emotions, populism, and the digital space\"><\/a><div class=\"item-main\"><h3 class=\"post-heading\"><a href=\"https:\/\/unpop.ces.uc.pt\/en\/emotions-populism-and-the-digital-space\/\"><span>Emotions, populism, and the digital space<\/span><\/a><\/h3><span class=\"meta-date\">30\/12\/2021<\/span><\/div><\/div><\/div><\/div><div class=\"nectar-post-grid-item\" data-has-img=\"true\"> <div class=\"inner\"><div class=\"nectar-post-grid-item-bg\" data-nectar-img-src=\"https:\/\/unpop.ces.uc.pt\/wp-content\/uploads\/2022\/11\/giogia-meloni-quirale-300x200.jpg\"><\/div><div class=\"bg-overlay\" style=\" background-color: #000000;\" data-opacity=\"0.5\" data-hover-opacity=\"0.7\"><\/div><div class=\"content\"><a class=\"nectar-post-grid-link\" href=\"https:\/\/unpop.ces.uc.pt\/en\/defending-the-motherland-the-rise-of-female-leaders-in-right-wing-populism\/\" aria-label=\"\u201cDefending the Motherland\u201d: The Rise of Female Leaders in Right-Wing Populism\"><\/a><div class=\"item-main\"><h3 class=\"post-heading\"><a href=\"https:\/\/unpop.ces.uc.pt\/en\/defending-the-motherland-the-rise-of-female-leaders-in-right-wing-populism\/\"><span>\u201cDefending the Motherland\u201d: The Rise of Female Leaders in Right-Wing Populism<\/span><\/a><\/h3><span class=\"meta-date\">30\/11\/2021<\/span><\/div><\/div><\/div><\/div><div class=\"nectar-post-grid-item\" data-has-img=\"true\"> <div class=\"inner\"><div class=\"nectar-post-grid-item-bg\" data-nectar-img-src=\"https:\/\/unpop.ces.uc.pt\/wp-content\/uploads\/2022\/11\/kajetan-sumila-wFMFl3gA7mo-unsplash-300x177.jpg\"><\/div><div class=\"bg-overlay\" style=\" background-color: #000000;\" data-opacity=\"0.5\" data-hover-opacity=\"0.7\"><\/div><div class=\"content\"><a class=\"nectar-post-grid-link\" href=\"https:\/\/unpop.ces.uc.pt\/en\/through-emotions-tracing-and-learning-multiple-forms-of-becoming-us\/\" aria-label=\"Through emotions \u2013 tracing and learning multiple forms of becoming \u2018us\u2019\"><\/a><div class=\"item-main\"><h3 class=\"post-heading\"><a href=\"https:\/\/unpop.ces.uc.pt\/en\/through-emotions-tracing-and-learning-multiple-forms-of-becoming-us\/\"><span>Through emotions \u2013 tracing and learning multiple forms of becoming \u2018us\u2019<\/span><\/a><\/h3><span class=\"meta-date\">30\/10\/2021<\/span><\/div><\/div><\/div><\/div><div class=\"nectar-post-grid-item\" data-has-img=\"true\"> <div class=\"inner\"><div class=\"nectar-post-grid-item-bg\" data-nectar-img-src=\"https:\/\/unpop.ces.uc.pt\/wp-content\/uploads\/2022\/11\/35618_photo-1614278352994-3e5dfb2ef107-300x150.jpeg\"><\/div><div class=\"bg-overlay\" style=\" background-color: #000000;\" data-opacity=\"0.5\" data-hover-opacity=\"0.7\"><\/div><div class=\"content\"><a class=\"nectar-post-grid-link\" href=\"https:\/\/unpop.ces.uc.pt\/en\/why-and-how-to-study-populism-and-emotions\/\" aria-label=\"Why and how to study populism and emotions?\"><\/a><div class=\"item-main\"><h3 class=\"post-heading\"><a href=\"https:\/\/unpop.ces.uc.pt\/en\/why-and-how-to-study-populism-and-emotions\/\"><span>Why and how to study populism and emotions?<\/span><\/a><\/h3><span class=\"meta-date\">30\/09\/2021<\/span><\/div><\/div><\/div><\/div><\/div><\/div>\n\t\t\t<\/div> \n\t\t<\/div>\n\t<\/div> \n<\/div><\/div>","protected":false},"excerpt":{"rendered":"By Cristiano Gianolla 2021-09-30 The interplay of emotions and politics has gained increasing attention in the social sciences over the past few decades and is revealing potential ways to improve...","protected":false},"author":1,"featured_media":0,"parent":0,"menu_order":0,"comment_status":"closed","ping_status":"closed","template":"","meta":[],"pagina":[],"acf":[],"yoast_head":"<!-- This site is optimized with the Yoast SEO plugin v19.13 - https:\/\/yoast.com\/wordpress\/plugins\/seo\/ -->\n<title>Dissemina\u00e7\u00e3o - UNPOP - UNpacking POPulism<\/title>\n<meta name=\"description\" content=\"See what the UNPOP has been doing\" \/>\n<meta name=\"robots\" content=\"index, follow, max-snippet:-1, max-image-preview:large, max-video-preview:-1\" \/>\n<link rel=\"canonical\" href=\"https:\/\/unpop.ces.uc.pt\/en\/disseminacao\/\" \/>\n<meta property=\"og:locale\" content=\"en_US\" \/>\n<meta property=\"og:type\" content=\"article\" \/>\n<meta property=\"og:title\" content=\"Dissemina\u00e7\u00e3o - UNPOP - UNpacking POPulism\" \/>\n<meta property=\"og:description\" content=\"See what the UNPOP has been doing\" \/>\n<meta property=\"og:url\" content=\"https:\/\/unpop.ces.uc.pt\/en\/disseminacao\/\" \/>\n<meta property=\"og:site_name\" content=\"UNPOP - UNpacking POPulism\" \/>\n<meta property=\"article:modified_time\" content=\"2023-07-31T20:28:13+00:00\" \/>\n<meta name=\"twitter:card\" content=\"summary_large_image\" \/>\n<script type=\"application\/ld+json\" class=\"yoast-schema-graph\">{\"@context\":\"https:\/\/schema.org\",\"@graph\":[{\"@type\":\"WebPage\",\"@id\":\"https:\/\/unpop.ces.uc.pt\/disseminacao\/\",\"url\":\"https:\/\/unpop.ces.uc.pt\/disseminacao\/\",\"name\":\"Dissemina\u00e7\u00e3o - UNPOP - UNpacking POPulism\",\"isPartOf\":{\"@id\":\"https:\/\/unpop.ces.uc.pt\/#website\"},\"datePublished\":\"2022-09-12T14:51:03+00:00\",\"dateModified\":\"2023-07-31T20:28:13+00:00\",\"description\":\"See what the UNPOP has been doing\",\"breadcrumb\":{\"@id\":\"https:\/\/unpop.ces.uc.pt\/disseminacao\/#breadcrumb\"},\"inLanguage\":\"en-US\",\"potentialAction\":[{\"@type\":\"ReadAction\",\"target\":[\"https:\/\/unpop.ces.uc.pt\/disseminacao\/\"]}]},{\"@type\":\"BreadcrumbList\",\"@id\":\"https:\/\/unpop.ces.uc.pt\/disseminacao\/#breadcrumb\",\"itemListElement\":[{\"@type\":\"ListItem\",\"position\":1,\"name\":\"Home\",\"item\":\"https:\/\/unpop.ces.uc.pt\/\"},{\"@type\":\"ListItem\",\"position\":2,\"name\":\"Dissemina\u00e7\u00e3o\"}]},{\"@type\":\"WebSite\",\"@id\":\"https:\/\/unpop.ces.uc.pt\/#website\",\"url\":\"https:\/\/unpop.ces.uc.pt\/\",\"name\":\"UNPOP - Populismo e Emo\u00e7\u00f5es\",\"description\":\"Desmontar o Populismo\",\"publisher\":{\"@id\":\"https:\/\/unpop.ces.uc.pt\/#organization\"},\"potentialAction\":[{\"@type\":\"SearchAction\",\"target\":{\"@type\":\"EntryPoint\",\"urlTemplate\":\"https:\/\/unpop.ces.uc.pt\/?s={search_term_string}\"},\"query-input\":\"required name=search_term_string\"}],\"inLanguage\":\"en-US\"},{\"@type\":\"Organization\",\"@id\":\"https:\/\/unpop.ces.uc.pt\/#organization\",\"name\":\"UNPOP - UNpacking POPulism\",\"url\":\"https:\/\/unpop.ces.uc.pt\/\",\"logo\":{\"@type\":\"ImageObject\",\"inLanguage\":\"en-US\",\"@id\":\"https:\/\/unpop.ces.uc.pt\/#\/schema\/logo\/image\/\",\"url\":\"https:\/\/unpop.ces.uc.pt\/upsite\/wp-content\/uploads\/2022\/07\/unpop-logo-text.png\",\"contentUrl\":\"https:\/\/unpop.ces.uc.pt\/upsite\/wp-content\/uploads\/2022\/07\/unpop-logo-text.png\",\"width\":200,\"height\":75,\"caption\":\"UNPOP - UNpacking POPulism\"},\"image\":{\"@id\":\"https:\/\/unpop.ces.uc.pt\/#\/schema\/logo\/image\/\"}}]}<\/script>\n<!-- \/ Yoast SEO plugin. -->","yoast_head_json":{"title":"Dissemina\u00e7\u00e3o - UNPOP - UNpacking POPulism","description":"See what the UNPOP has been doing","robots":{"index":"index","follow":"follow","max-snippet":"max-snippet:-1","max-image-preview":"max-image-preview:large","max-video-preview":"max-video-preview:-1"},"canonical":"https:\/\/unpop.ces.uc.pt\/en\/disseminacao\/","og_locale":"en_US","og_type":"article","og_title":"Dissemina\u00e7\u00e3o - UNPOP - UNpacking POPulism","og_description":"See what the UNPOP has been doing","og_url":"https:\/\/unpop.ces.uc.pt\/en\/disseminacao\/","og_site_name":"UNPOP - UNpacking POPulism","article_modified_time":"2023-07-31T20:28:13+00:00","twitter_card":"summary_large_image","schema":{"@context":"https:\/\/schema.org","@graph":[{"@type":"WebPage","@id":"https:\/\/unpop.ces.uc.pt\/disseminacao\/","url":"https:\/\/unpop.ces.uc.pt\/disseminacao\/","name":"Dissemina\u00e7\u00e3o - UNPOP - UNpacking POPulism","isPartOf":{"@id":"https:\/\/unpop.ces.uc.pt\/#website"},"datePublished":"2022-09-12T14:51:03+00:00","dateModified":"2023-07-31T20:28:13+00:00","description":"See what the UNPOP has been doing","breadcrumb":{"@id":"https:\/\/unpop.ces.uc.pt\/disseminacao\/#breadcrumb"},"inLanguage":"en-US","potentialAction":[{"@type":"ReadAction","target":["https:\/\/unpop.ces.uc.pt\/disseminacao\/"]}]},{"@type":"BreadcrumbList","@id":"https:\/\/unpop.ces.uc.pt\/disseminacao\/#breadcrumb","itemListElement":[{"@type":"ListItem","position":1,"name":"Home","item":"https:\/\/unpop.ces.uc.pt\/"},{"@type":"ListItem","position":2,"name":"Dissemina\u00e7\u00e3o"}]},{"@type":"WebSite","@id":"https:\/\/unpop.ces.uc.pt\/#website","url":"https:\/\/unpop.ces.uc.pt\/","name":"UNPOP - Populismo e Emo\u00e7\u00f5es","description":"Desmontar o Populismo","publisher":{"@id":"https:\/\/unpop.ces.uc.pt\/#organization"},"potentialAction":[{"@type":"SearchAction","target":{"@type":"EntryPoint","urlTemplate":"https:\/\/unpop.ces.uc.pt\/?s={search_term_string}"},"query-input":"required name=search_term_string"}],"inLanguage":"en-US"},{"@type":"Organization","@id":"https:\/\/unpop.ces.uc.pt\/#organization","name":"UNPOP - UNpacking POPulism","url":"https:\/\/unpop.ces.uc.pt\/","logo":{"@type":"ImageObject","inLanguage":"en-US","@id":"https:\/\/unpop.ces.uc.pt\/#\/schema\/logo\/image\/","url":"https:\/\/unpop.ces.uc.pt\/upsite\/wp-content\/uploads\/2022\/07\/unpop-logo-text.png","contentUrl":"https:\/\/unpop.ces.uc.pt\/upsite\/wp-content\/uploads\/2022\/07\/unpop-logo-text.png","width":200,"height":75,"caption":"UNPOP - UNpacking POPulism"},"image":{"@id":"https:\/\/unpop.ces.uc.pt\/#\/schema\/logo\/image\/"}}]}},"_links":{"self":[{"href":"https:\/\/unpop.ces.uc.pt\/en\/wp-json\/wp\/v2\/pages\/6614"}],"collection":[{"href":"https:\/\/unpop.ces.uc.pt\/en\/wp-json\/wp\/v2\/pages"}],"about":[{"href":"https:\/\/unpop.ces.uc.pt\/en\/wp-json\/wp\/v2\/types\/page"}],"author":[{"embeddable":true,"href":"https:\/\/unpop.ces.uc.pt\/en\/wp-json\/wp\/v2\/users\/1"}],"replies":[{"embeddable":true,"href":"https:\/\/unpop.ces.uc.pt\/en\/wp-json\/wp\/v2\/comments?post=6614"}],"version-history":[{"count":22,"href":"https:\/\/unpop.ces.uc.pt\/en\/wp-json\/wp\/v2\/pages\/6614\/revisions"}],"predecessor-version":[{"id":1007914,"href":"https:\/\/unpop.ces.uc.pt\/en\/wp-json\/wp\/v2\/pages\/6614\/revisions\/1007914"}],"wp:attachment":[{"href":"https:\/\/unpop.ces.uc.pt\/en\/wp-json\/wp\/v2\/media?parent=6614"}],"wp:term":[{"taxonomy":"pagina","embeddable":true,"href":"https:\/\/unpop.ces.uc.pt\/en\/wp-json\/wp\/v2\/pagina?post=6614"}],"curies":[{"name":"wp","href":"https:\/\/api.w.org\/{rel}","templated":true}]}}